{"id":24336,"date":"2023-07-27T11:55:14","date_gmt":"2023-07-27T11:55:14","guid":{"rendered":"https:\/\/calfusterdetous.com\/?page_id=24336"},"modified":"2023-07-27T11:57:26","modified_gmt":"2023-07-27T11:57:26","slug":"politica-de-cookies","status":"publish","type":"page","link":"https:\/\/www.calfusterdetous.com\/cast\/politica-de-cookies\/","title":{"rendered":"Pol\u00edtica de Cookies"},"content":{"rendered":"<div data-elementor-type=\"wp-page\" data-elementor-id=\"24336\" class=\"elementor elementor-24336\" data-elementor-post-type=\"page\">\n\t\t\t\t\t\t<section class=\"elementor-section elementor-top-section elementor-element elementor-element-5e293256 elementor-section-boxed elementor-section-height-default elementor-section-height-default\" data-id=\"5e293256\" data-element_type=\"section\" data-e-type=\"section\" data-settings=\"{&quot;hoteller_ext_is_background_parallax&quot;:&quot;false&quot;,&quot;hoteller_ext_is_background_on_scroll&quot;:&quot;false&quot;}\">\n\t\t\t\t\t\t<div class=\"elementor-container elementor-column-gap-default\">\n\t\t\t\t\t<div class=\"elementor-column elementor-col-100 elementor-top-column elementor-element elementor-element-de6648e\" data-id=\"de6648e\" data-element_type=\"column\" data-e-type=\"column\" data-settings=\"{&quot;hoteller_ext_link_sidemenu&quot;:&quot;false&quot;,&quot;hoteller_ext_link_fullmenu&quot;:&quot;false&quot;,&quot;hoteller_ext_link_closed_fullmenu&quot;:&quot;false&quot;,&quot;hoteller_ext_is_scrollme&quot;:&quot;false&quot;,&quot;hoteller_ext_is_smoove&quot;:&quot;false&quot;,&quot;hoteller_ext_is_parallax_mouse&quot;:&quot;false&quot;,&quot;hoteller_ext_is_infinite&quot;:&quot;false&quot;,&quot;hoteller_ext_is_fadeout_animation&quot;:&quot;false&quot;,&quot;hoteller_ext_mobile_static&quot;:&quot;false&quot;}\">\n\t\t\t<div class=\"elementor-widget-wrap elementor-element-populated\">\n\t\t\t\t\t\t<div class=\"elementor-element elementor-element-d645521 elementor-widget elementor-widget-text-editor\" data-id=\"d645521\" data-element_type=\"widget\" data-e-type=\"widget\" data-settings=\"{&quot;hoteller_ext_link_sidemenu&quot;:&quot;false&quot;,&quot;hoteller_ext_link_fullmenu&quot;:&quot;false&quot;,&quot;hoteller_ext_link_closed_fullmenu&quot;:&quot;false&quot;,&quot;hoteller_ext_is_scrollme&quot;:&quot;false&quot;,&quot;hoteller_ext_is_smoove&quot;:&quot;false&quot;,&quot;hoteller_ext_is_parallax_mouse&quot;:&quot;false&quot;,&quot;hoteller_ext_is_infinite&quot;:&quot;false&quot;,&quot;hoteller_ext_is_fadeout_animation&quot;:&quot;false&quot;,&quot;hoteller_ext_mobile_static&quot;:&quot;false&quot;}\" data-widget_type=\"text-editor.default\">\n\t\t\t\t<div class=\"elementor-widget-container\">\n\t\t\t\t\t\t\t\t\t<p><\/p><p>Mitjan\u00e7ant la present pol\u00edtica de cookies, MARIA CARME RICA LLINARES pret\u00e9n informar-lo de manera clara i precisa sobre les cookies que s\u2019utilitzen en la p\u00e0gina web http:\/\/calfusterdetous.com.<br \/>Les cookies s\u00f3n petits fitxers de dades que es generen, descarreguen i emmagatzemen al navegador de l\u2019usuari i que permeten que sigui el propi usuari el que emmagatzemi la informaci\u00f3 que genera la seva activitat en la xarxa i que permet que el lloc web recordi informaci\u00f3 sobre la seva visita per facilitar la seva pr\u00f2xima visita i permetre que el lloc web li resulti m\u00e9s \u00fatil.<br \/>Aix\u00ed doncs, les cookies permeten a la p\u00e0gina web emmagatzemar i recuperar informaci\u00f3 sobre els h\u00e0bits de navegaci\u00f3 d\u2019un usuari o del seu equip i, depenent de la informaci\u00f3 obtinguda, es poden utilitzar per recon\u00e8ixer a l\u2019usuari i millorar el servei ofert.<br \/>El lloc web http:\/\/calfusterdetous.com utilitza cookies pr\u00f2pies i de tercers pel correcte funcionament de la p\u00e0gina web. Vost\u00e8 pot permetre el seu \u00fas o canviar la seva configuraci\u00f3 des del seu navegador sempre que ho desitgi.<\/p><p><\/p><p><\/p><h3 class=\"wp-block-heading\">TIPUS DE COOKIES<\/h3><p><\/p><p><\/p><p>Segons qui sigui l\u2019entitat que gestiona el domini des d\u2019on s\u2019envien les cookies i tracti les dades que s\u2019obtinguin, podem distingir entre:<\/p><p><\/p><p><\/p><ul class=\"wp-block-list\"><li style=\"list-style-type: none;\"><ul><li>Cookies pr\u00f2pies: s\u00f3n aquelles que s\u2019envien a l\u2019ordinador de l\u2019usuari des d\u2019un equip o domini gestionat pel propi editor i des del que es presta el servei sol\u00b7licitat per l\u2019usuari.<\/li><\/ul><\/li><\/ul><p><\/p><p><\/p><ul><li style=\"list-style-type: none;\"><ul><li>Cookies de tercers: s\u00f3n aquelles que s\u2019envien a l\u2019ordinador de l\u2019usuari des d\u2019un equip o domini gestionat per una entitat que tracta les dades obtingudes a trav\u00e9s de les cookies, per\u00f2 que no \u00e9s l\u2019equip o domini de l\u2019editor.<\/li><\/ul><\/li><\/ul><p><\/p><p><\/p><p><\/p><p>Tamb\u00e9 existeix una segona classificaci\u00f3 segons el termini de temps que les cookies romanen emmagatzemades en el navegador de l\u2019usuari. Aquestes cookies s\u00f3n:<\/p><p><\/p><p><\/p><ul class=\"wp-block-list\"><li style=\"list-style-type: none;\"><ul><li>Cookies de sessi\u00f3: s\u00f3n dissenyades per recopilar i emmagatzemar dades mentre l\u2019usuari navega per la p\u00e0gina web. Normalment s\u2019utilitzen per recopilar dades que \u00fanicament interessa conservar per la prestaci\u00f3 del servei sol\u00b7licitat per l\u2019usuari en una sola ocasi\u00f3 (per exemple, la llista de productes adquirits).<\/li><\/ul><\/li><\/ul><p><\/p><p><\/p><ul><li style=\"list-style-type: none;\"><ul><li>Cookies persistents: s\u00f3n aquelles que recopiles i emmagatzemen dades que romanen emmagatzemades al dispositiu i poden ser accedides i tractades durant un per\u00edode definit pel responsable de la cookie i que pot ser un termini de temps des d\u2019uns minuts fins a diversos anys.<\/li><\/ul><\/li><\/ul><p><\/p><p><\/p><p><\/p><p>Finalment, existeix una tercera classificaci\u00f3 segons la finalitat per la qual es tracten les dades obtingudes mitjan\u00e7ant les cookies:<\/p><p><\/p><p><\/p><ul class=\"wp-block-list\"><li style=\"list-style-type: none;\"><ul><li>Cookies t\u00e8cniques: s\u00f3n les que permeten a l\u2019usuari la navegaci\u00f3 a trav\u00e9s de la p\u00e0gina web, plataforma o aplicaci\u00f3 i l\u2019\u00fas de les diferents opcions o serveis existents en aquesta.<\/li><\/ul><\/li><\/ul><p><\/p><p><\/p><ul><li style=\"list-style-type: none;\"><ul><li>Cookies de personalitzaci\u00f3: s\u00f3n les que permeten a l\u2019usuari accedir al servei amb algunes caracter\u00edstiques de car\u00e0cter general predefinides en funci\u00f3 d\u2019una s\u00e8rie de criteris establerts en l\u2019ordinador de l\u2019usuari.<\/li><\/ul><\/li><\/ul><p><\/p><p><\/p><ul><li style=\"list-style-type: none;\"><ul><li>Cookies d\u2019an\u00e0lisis: permeten al responsable de les mateixes el seguiment i an\u00e0lisis del comportament dels usuaris dels llocs web a qu\u00e8 estan vinculades aquestes cookies. La informaci\u00f3 recollida mitjan\u00e7ant aquest tipus de cookies s\u2019utilitza per a l\u2019elaboraci\u00f3 de perfils de navegaci\u00f3 dels usuaris del lloc web. S\u2019ha d\u2019informar i l\u2019usuari ha de donar consentiment.<\/li><\/ul><\/li><\/ul><p><\/p><p><\/p><ul><li style=\"list-style-type: none;\"><ul><li>Cookies publicit\u00e0ries: permeten la gesti\u00f3, de la manera m\u00e9s efica\u00e7 possible, dels espais publicitaris.<\/li><\/ul><\/li><\/ul><p><\/p><p><\/p><ul><li style=\"list-style-type: none;\"><ul><li>Cookies de publicitat comportamental: emmagatzemen informaci\u00f3 del comportament dels usuaris obtinguda a trav\u00e9s de la observaci\u00f3 continuada dels seus h\u00e0bits de navegaci\u00f3. Aix\u00f2 permet desenvolupar un perfil espec\u00edfic per mostrar publicitat en funci\u00f3 d\u2019aquest.<\/li><\/ul><\/li><\/ul><p><\/p><p><\/p><ul><li style=\"list-style-type: none;\"><ul><li>Cookies de xarxes socials externes: s\u2019utilitzen per tal que els visitants del lloc web puguin interactuar amb el contingut de diferents xarxes socials, com per exemple, facebook, instagram, twitter, linkedin, youtube, etc. i que es generen i s\u2019emmagatzemen \u00fanicament pels usuaris d\u2019aquestes xarxes socials.<\/li><\/ul><\/li><\/ul><p><\/p><p><\/p><p><\/p><p>Cookies utilitzades en la p\u00e0gina web http:\/\/calfusterdetous.com.<br \/>El lloc web http:\/\/calfusterdetous.com utilitza les seg\u00fcents cookies:<\/p><p><\/p><p><\/p><figure class=\"wp-block-table\"><table><tbody><tr><td><strong>Denominaci\u00f3<\/strong><\/td><td><strong>Titular<\/strong><\/td><td><strong>Durada<\/strong><\/td><td><strong>Finalitat<\/strong><\/td><\/tr><tr><td><strong>_ga<\/strong><\/td><td>Google<\/td><td>Anual<\/td><td>Servicio Google Analytics para distinguir usuarios \u00fanicos<\/td><\/tr><tr><td><strong>_gid<\/strong><\/td><td>Google<\/td><td>Anual<\/td><td>Servicio Google Analytics para distinguir usuarios<\/td><\/tr><tr><td><strong>_gat<\/strong><\/td><td>Google<\/td><td>Anual<\/td><td>Servicio de Google Analytics<\/td><\/tr><\/tbody><\/table><\/figure><p><\/p><p><\/p><p><strong>Gesti\u00f3 d\u2019\u00fas de cookies.<\/strong><br \/>Sens perjudici de l\u2019anterior, l\u2019usuari t\u00e9 la possibilitat de configurar el seu navegador per acceptar, rebutjar, bloquejar o eliminar les cookies instal\u00b7lades al seu ordinador. Per aix\u00f2, li suggerim la secci\u00f3 d\u2019ajuda del seu navegador web per saber com canviar la configuraci\u00f3 que actualment utilitza.<br \/>Aix\u00ed mateix, t\u00e9 la possibilitat de revocar en qualsevol moment el consentiment prestat per a la utilitzaci\u00f3 de cookies per part de MARIA CARME RICA LLINARES, configurant el seu navegador.<br \/>Tingui en compte que deshabilitar les cookies podria afectar al correcte funcionament de determinades seccions del lloc web. En aquest sentit, consulti les instruccions i manuals del seu navegador per a ampliar aquesta informaci\u00f3:<br \/>&#8211; Si utilitza Microsoft Internet Explorer, ha d\u2019accedir a la opci\u00f3 de men\u00fa Eines &#8211; Opcions d\u2019Internet &#8211; Privacitat.<br \/>&#8211; Si utilitza Firefox per a Mac, ha d\u2019accedir a la opci\u00f3 de men\u00fa Prefer\u00e8ncies &#8211; Privacitat &#8211; Mostrar cookies.<br \/>&#8211; Si utilitza Firefox per a Windows, ha d\u2019accedir a la opci\u00f3 de men\u00fa Eines &#8211; Opcions &#8211; Privacitat &#8211; Utilitzar una configuraci\u00f3 personalitzada per a l\u2019historial.<br \/>&#8211; Si utilitza Safari, ha d\u2019accedir a la opci\u00f3 de men\u00fa Prefer\u00e8ncies &#8211; Privacitat.<br \/>&#8211; Si utilitza Google Chrome, ha d\u2019accedir a la opci\u00f3 de men\u00fa Eines &#8211; Opcions (Prefer\u00e8ncies a Mac) &#8211; Avan\u00e7ades &#8211; Privacitat &#8211; Configuraci\u00f3 de contingut &#8211; Cookies.<\/p><p><\/p>\t\t\t\t\t\t\t\t<\/div>\n\t\t\t\t<\/div>\n\t\t\t\t\t<\/div>\n\t\t<\/div>\n\t\t\t\t\t<\/div>\n\t\t<\/section>\n\t\t\t\t<\/div>","protected":false},"excerpt":{"rendered":"<p>Mitjan\u00e7ant la present pol\u00edtica de cookies, MARIA CARME RICA LLINARES pret\u00e9n informar-lo de manera clara i precisa sobre les cookies que s\u2019utilitzen en la p\u00e0gina web http:\/\/calfusterdetous.com.Les cookies s\u00f3n petits fitxers de dades que es generen, descarreguen i emmagatzemen al [&hellip;]<\/p>\n","protected":false},"author":1,"featured_media":0,"parent":0,"menu_order":0,"comment_status":"closed","ping_status":"closed","template":"","meta":{"_monsterinsights_skip_tracking":false,"_monsterinsights_sitenote_active":false,"_monsterinsights_sitenote_note":"","_monsterinsights_sitenote_category":0,"footnotes":""},"class_list":["post-24336","page","type-page","status-publish","hentry"],"yoast_head":"<!-- This site is optimized with the Yoast SEO plugin v27.4 - https:\/\/yoast.com\/product\/yoast-seo-wordpress\/ -->\n<title>Pol\u00edtica de Cookies - Cal Fuster de la pla\u00e7a<\/title>\n<meta name=\"robots\" content=\"index, follow, max-snippet:-1, max-image-preview:large, max-video-preview:-1\" \/>\n<link rel=\"canonical\" href=\"https:\/\/www.calfusterdetous.com\/cast\/politica-de-cookies\/\" \/>\n<meta property=\"og:locale\" content=\"es_ES\" \/>\n<meta property=\"og:type\" content=\"article\" \/>\n<meta property=\"og:title\" content=\"Pol\u00edtica de Cookies - Cal Fuster de la pla\u00e7a\" \/>\n<meta property=\"og:description\" content=\"Mitjan\u00e7ant la present pol\u00edtica de cookies, MARIA CARME RICA LLINARES pret\u00e9n informar-lo de manera clara i precisa sobre les cookies que s\u2019utilitzen en la p\u00e0gina web http:\/\/calfusterdetous.com.Les cookies s\u00f3n petits fitxers de dades que es generen, descarreguen i emmagatzemen al [&hellip;]\" \/>\n<meta property=\"og:url\" content=\"https:\/\/www.calfusterdetous.com\/cast\/politica-de-cookies\/\" \/>\n<meta property=\"og:site_name\" content=\"Cal Fuster de la pla\u00e7a\" \/>\n<meta property=\"article:modified_time\" content=\"2023-07-27T11:57:26+00:00\" \/>\n<meta name=\"twitter:card\" content=\"summary_large_image\" \/>\n<meta name=\"twitter:label1\" content=\"Tiempo de lectura\" \/>\n\t<meta name=\"twitter:data1\" content=\"5 minutos\" \/>\n<script type=\"application\/ld+json\" class=\"yoast-schema-graph\">{\"@context\":\"https:\\\/\\\/schema.org\",\"@graph\":[{\"@type\":\"WebPage\",\"@id\":\"https:\\\/\\\/www.calfusterdetous.com\\\/politica-de-cookies\\\/\",\"url\":\"https:\\\/\\\/www.calfusterdetous.com\\\/politica-de-cookies\\\/\",\"name\":\"Pol\u00edtica de Cookies - Cal Fuster de la pla\u00e7a\",\"isPartOf\":{\"@id\":\"https:\\\/\\\/www.calfusterdetous.com\\\/#website\"},\"datePublished\":\"2023-07-27T11:55:14+00:00\",\"dateModified\":\"2023-07-27T11:57:26+00:00\",\"breadcrumb\":{\"@id\":\"https:\\\/\\\/www.calfusterdetous.com\\\/politica-de-cookies\\\/#breadcrumb\"},\"inLanguage\":\"es\",\"potentialAction\":[{\"@type\":\"ReadAction\",\"target\":[\"https:\\\/\\\/www.calfusterdetous.com\\\/politica-de-cookies\\\/\"]}]},{\"@type\":\"BreadcrumbList\",\"@id\":\"https:\\\/\\\/www.calfusterdetous.com\\\/politica-de-cookies\\\/#breadcrumb\",\"itemListElement\":[{\"@type\":\"ListItem\",\"position\":1,\"name\":\"Portada\",\"item\":\"https:\\\/\\\/www.calfusterdetous.com\\\/\"},{\"@type\":\"ListItem\",\"position\":2,\"name\":\"Pol\u00edtica de Cookies\"}]},{\"@type\":\"WebSite\",\"@id\":\"https:\\\/\\\/www.calfusterdetous.com\\\/#website\",\"url\":\"https:\\\/\\\/www.calfusterdetous.com\\\/\",\"name\":\"Cal Fuster de la pla\u00e7a\",\"description\":\"Es una acogedora casa rural en Sant Mart\u00ed de Tous, ofreciendo cinco habitaciones \u00fanicas y espacios comunes llenos de historia y leyendas locales. \",\"publisher\":{\"@id\":\"https:\\\/\\\/www.calfusterdetous.com\\\/#organization\"},\"potentialAction\":[{\"@type\":\"SearchAction\",\"target\":{\"@type\":\"EntryPoint\",\"urlTemplate\":\"https:\\\/\\\/www.calfusterdetous.com\\\/?s={search_term_string}\"},\"query-input\":{\"@type\":\"PropertyValueSpecification\",\"valueRequired\":true,\"valueName\":\"search_term_string\"}}],\"inLanguage\":\"es\"},{\"@type\":\"Organization\",\"@id\":\"https:\\\/\\\/www.calfusterdetous.com\\\/#organization\",\"name\":\"Cal Fuster de la pla\u00e7a\",\"url\":\"https:\\\/\\\/www.calfusterdetous.com\\\/\",\"logo\":{\"@type\":\"ImageObject\",\"inLanguage\":\"es\",\"@id\":\"https:\\\/\\\/www.calfusterdetous.com\\\/#\\\/schema\\\/logo\\\/image\\\/\",\"url\":\"https:\\\/\\\/www.calfusterdetous.com\\\/wp-content\\\/uploads\\\/2020\\\/04\\\/Recurso-2@2x.png\",\"contentUrl\":\"https:\\\/\\\/www.calfusterdetous.com\\\/wp-content\\\/uploads\\\/2020\\\/04\\\/Recurso-2@2x.png\",\"width\":441,\"height\":171,\"caption\":\"Cal Fuster de la pla\u00e7a\"},\"image\":{\"@id\":\"https:\\\/\\\/www.calfusterdetous.com\\\/#\\\/schema\\\/logo\\\/image\\\/\"}}]}<\/script>\n<!-- \/ Yoast SEO plugin. -->","yoast_head_json":{"title":"Pol\u00edtica de Cookies - Cal Fuster de la pla\u00e7a","robots":{"index":"index","follow":"follow","max-snippet":"max-snippet:-1","max-image-preview":"max-image-preview:large","max-video-preview":"max-video-preview:-1"},"canonical":"https:\/\/www.calfusterdetous.com\/cast\/politica-de-cookies\/","og_locale":"es_ES","og_type":"article","og_title":"Pol\u00edtica de Cookies - Cal Fuster de la pla\u00e7a","og_description":"Mitjan\u00e7ant la present pol\u00edtica de cookies, MARIA CARME RICA LLINARES pret\u00e9n informar-lo de manera clara i precisa sobre les cookies que s\u2019utilitzen en la p\u00e0gina web http:\/\/calfusterdetous.com.Les cookies s\u00f3n petits fitxers de dades que es generen, descarreguen i emmagatzemen al [&hellip;]","og_url":"https:\/\/www.calfusterdetous.com\/cast\/politica-de-cookies\/","og_site_name":"Cal Fuster de la pla\u00e7a","article_modified_time":"2023-07-27T11:57:26+00:00","twitter_card":"summary_large_image","twitter_misc":{"Tiempo de lectura":"5 minutos"},"schema":{"@context":"https:\/\/schema.org","@graph":[{"@type":"WebPage","@id":"https:\/\/www.calfusterdetous.com\/politica-de-cookies\/","url":"https:\/\/www.calfusterdetous.com\/politica-de-cookies\/","name":"Pol\u00edtica de Cookies - Cal Fuster de la pla\u00e7a","isPartOf":{"@id":"https:\/\/www.calfusterdetous.com\/#website"},"datePublished":"2023-07-27T11:55:14+00:00","dateModified":"2023-07-27T11:57:26+00:00","breadcrumb":{"@id":"https:\/\/www.calfusterdetous.com\/politica-de-cookies\/#breadcrumb"},"inLanguage":"es","potentialAction":[{"@type":"ReadAction","target":["https:\/\/www.calfusterdetous.com\/politica-de-cookies\/"]}]},{"@type":"BreadcrumbList","@id":"https:\/\/www.calfusterdetous.com\/politica-de-cookies\/#breadcrumb","itemListElement":[{"@type":"ListItem","position":1,"name":"Portada","item":"https:\/\/www.calfusterdetous.com\/"},{"@type":"ListItem","position":2,"name":"Pol\u00edtica de Cookies"}]},{"@type":"WebSite","@id":"https:\/\/www.calfusterdetous.com\/#website","url":"https:\/\/www.calfusterdetous.com\/","name":"Cal Fuster de la plaza","description":"Es una acogedora casa rural en Sant Mart\u00ed de Tous, ofreciendo cinco habitaciones \u00fanicas y espacios comunes llenos de historia y leyendas locales.","publisher":{"@id":"https:\/\/www.calfusterdetous.com\/#organization"},"potentialAction":[{"@type":"SearchAction","target":{"@type":"EntryPoint","urlTemplate":"https:\/\/www.calfusterdetous.com\/?s={search_term_string}"},"query-input":{"@type":"PropertyValueSpecification","valueRequired":true,"valueName":"search_term_string"}}],"inLanguage":"es"},{"@type":"Organization","@id":"https:\/\/www.calfusterdetous.com\/#organization","name":"Cal Fuster de la plaza","url":"https:\/\/www.calfusterdetous.com\/","logo":{"@type":"ImageObject","inLanguage":"es","@id":"https:\/\/www.calfusterdetous.com\/#\/schema\/logo\/image\/","url":"https:\/\/www.calfusterdetous.com\/wp-content\/uploads\/2020\/04\/Recurso-2@2x.png","contentUrl":"https:\/\/www.calfusterdetous.com\/wp-content\/uploads\/2020\/04\/Recurso-2@2x.png","width":441,"height":171,"caption":"Cal Fuster de la pla\u00e7a"},"image":{"@id":"https:\/\/www.calfusterdetous.com\/#\/schema\/logo\/image\/"}}]}},"_links":{"self":[{"href":"https:\/\/www.calfusterdetous.com\/cast\/wp-json\/wp\/v2\/pages\/24336","targetHints":{"allow":["GET"]}}],"collection":[{"href":"https:\/\/www.calfusterdetous.com\/cast\/wp-json\/wp\/v2\/pages"}],"about":[{"href":"https:\/\/www.calfusterdetous.com\/cast\/wp-json\/wp\/v2\/types\/page"}],"author":[{"embeddable":true,"href":"https:\/\/www.calfusterdetous.com\/cast\/wp-json\/wp\/v2\/users\/1"}],"replies":[{"embeddable":true,"href":"https:\/\/www.calfusterdetous.com\/cast\/wp-json\/wp\/v2\/comments?post=24336"}],"version-history":[{"count":0,"href":"https:\/\/www.calfusterdetous.com\/cast\/wp-json\/wp\/v2\/pages\/24336\/revisions"}],"wp:attachment":[{"href":"https:\/\/www.calfusterdetous.com\/cast\/wp-json\/wp\/v2\/media?parent=24336"}],"curies":[{"name":"wp","href":"https:\/\/api.w.org\/{rel}","templated":true}]}}